{"id":88,"date":"2018-02-07T14:45:59","date_gmt":"2018-02-07T13:45:59","guid":{"rendered":"https:\/\/mobileinclusion.projects.tu-berlin.de\/mi\/?page_id=88"},"modified":"2018-09-21T16:07:42","modified_gmt":"2018-09-21T14:07:42","slug":"forschungsplan","status":"publish","type":"page","link":"https:\/\/mobileinclusion.projects.tu-berlin.de\/mi\/forschungsplan\/","title":{"rendered":"Forschungsplan"},"content":{"rendered":"<div class=\"fusion-fullwidth fullwidth-box fusion-builder-row-1 nonhundred-percent-fullwidth non-hundred-percent-height-scrolling\" style=\"background-color: rgba(255,255,255,0);background-position: center center;background-repeat: no-repeat;padding-top:100px;padding-right:0px;padding-bottom:100px;padding-left:0px;margin-bottom: 0px;margin-top: 0px;border-width: 0px 0px 0px 0px;border-color:#eae9e9;border-style:solid;\" ><div class=\"fusion-builder-row fusion-row\"><div class=\"fusion-layout-column fusion_builder_column fusion-builder-column-0 fusion_builder_column_1_1 1_1 fusion-one-full fusion-column-first fusion-column-last\" style=\"margin-top:0px;margin-bottom:20px;\"><div class=\"fusion-column-wrapper fusion-flex-column-wrapper-legacy\" style=\"background-position:left top;background-repeat:no-repeat;-webkit-background-size:cover;-moz-background-size:cover;-o-background-size:cover;background-size:cover;padding: 0px 0px 0px 0px;\"><div class=\"fusion-text fusion-text-1\"><h1>Forschungsplan<\/h1>\n<\/div><div class=\"fusion-clearfix\"><\/div><\/div><\/div><div class=\"fusion-layout-column fusion_builder_column fusion-builder-column-1 fusion_builder_column_2_3 2_3 fusion-two-third fusion-column-first\" style=\"width:66.666666666667%;width:calc(66.666666666667% - ( ( 4% ) * 0.66666666666667 ) );margin-right: 4%;margin-top:0px;margin-bottom:20px;\"><div class=\"fusion-column-wrapper fusion-flex-column-wrapper-legacy\" style=\"background-position:left top;background-repeat:no-repeat;-webkit-background-size:cover;-moz-background-size:cover;-o-background-size:cover;background-size:cover;padding: 0px 0px 0px 0px;\"><div class=\"fusion-text fusion-text-2\"><p>Das Projekt MobileInclusion orientiert sich am &#8222;Sanduhr-Modell&#8220; und umfasst acht Arbeitspakete:<\/p>\n<p>Wir beginnen auf der Makro-Ebene mit der Untersuchung mobilit\u00e4tsbezogener Exklusion (AP 1 &amp; 2). Daraufhin fokussieren wir das Ph\u00e4nomen auf der Mikro-Ebene, indem wir Betroffene befragen. Ziel ist es, die &#8222;Feinstrukturen&#8220; der Ausgrenzung zu erfassen (AP3 &amp; 4).<\/p>\n<p>Anschlie\u00dfend abstrahieren wir die Ergebnisse der Befragungen, um \u00fcbertragbare Erkenntnisse zu gewinnen und daraus empirisch abgesicherte Ma\u00dfnahmen entwickeln zu k\u00f6nnen (AP 5 &amp; 6).<br \/>\nZum Ende hin erweitert sich der Fokus wieder auf die Makro-Ebene: Wir entwickeln eine Theorie zur mobilit\u00e4tsbezogenen Exklusion in Deutschland und schaffen mit der Summer School einen Ort f\u00fcr den wissenschaftlichen Austausch (AP 7 &amp; 8).<\/p>\n<\/div><div class=\"fusion-clearfix\"><\/div><\/div><\/div><div class=\"fusion-layout-column fusion_builder_column fusion-builder-column-2 fusion_builder_column_1_3 1_3 fusion-one-third fusion-column-last\" style=\"width:33.333333333333%;width:calc(33.333333333333% - ( ( 4% ) * 0.33333333333333 ) );margin-top:0px;margin-bottom:20px;\"><div class=\"fusion-column-wrapper fusion-flex-column-wrapper-legacy\" style=\"background-position:left top;background-repeat:no-repeat;-webkit-background-size:cover;-moz-background-size:cover;-o-background-size:cover;background-size:cover;padding: 0px 0px 0px 0px;\"><div class=\"imageframe-align-center\"><span class=\" fusion-imageframe imageframe-none imageframe-1 hover-type-none\"><a href=\"https:\/\/mobileinclusion.projects.tu-berlin.de\/mi\/wp-content\/uploads\/2018\/02\/Sanduhr-Website-2-400x385.png\" class=\"fusion-lightbox\" data-rel=\"iLightbox[9724d7d94b924e6219a]\" data-title=\"Sanduhr-Website\" title=\"Sanduhr-Website\"><img decoding=\"async\" width=\"400\" height=\"385\" alt=\"Forschungsplan nach dem Sanduhr-Modell\" src=\"https:\/\/mobileinclusion.projects.tu-berlin.de\/mi\/wp-content\/uploads\/2018\/02\/Sanduhr-Website-2-400x385.png\" class=\"img-responsive wp-image-284\" srcset=\"https:\/\/mobileinclusion.projects.tu-berlin.de\/mi\/wp-content\/uploads\/2018\/02\/Sanduhr-Website-2-200x193.png 200w, https:\/\/mobileinclusion.projects.tu-berlin.de\/mi\/wp-content\/uploads\/2018\/02\/Sanduhr-Website-2-400x385.png 400w, https:\/\/mobileinclusion.projects.tu-berlin.de\/mi\/wp-content\/uploads\/2018\/02\/Sanduhr-Website-2-600x578.png 600w, https:\/\/mobileinclusion.projects.tu-berlin.de\/mi\/wp-content\/uploads\/2018\/02\/Sanduhr-Website-2.png 784w\" sizes=\"(max-width: 800px) 100vw, 400px\" \/><\/a><\/span><\/div><div class=\"fusion-text fusion-text-3\"><h5>Der Forschungsverlauf nach dem &#8222;Sanduhr-Modell&#8220;<\/h5>\n<\/div><div class=\"fusion-clearfix\"><\/div><\/div><\/div><div class=\"fusion-layout-column fusion_builder_column fusion-builder-column-3 fusion_builder_column_1_1 1_1 fusion-one-full fusion-column-first fusion-column-last\" style=\"margin-top:0px;margin-bottom:0px;\"><div class=\"fusion-column-wrapper fusion-flex-column-wrapper-legacy\" style=\"background-position:left top;background-repeat:no-repeat;-webkit-background-size:cover;-moz-background-size:cover;-o-background-size:cover;background-size:cover;padding: 10px 10px 10px 10px;\"><style type=\"text\/css\"><\/style><div class=\"fusion-title title fusion-title-1 sep-underline sep-solid fusion-title-text fusion-title-size-one\" style=\"border-bottom-color:#e0dede;margin-top:40px;margin-right:0px;margin-bottom:15px;margin-left:0px;\"><h1 class=\"title-heading-left fusion-responsive-typography-calculated\" style=\"margin:0;--fontSize:34;line-height:1.4;\"><h2>Die acht Arbeitspakete im \u00dcberblick<\/h2><\/h1><\/div><div class=\"fusion-tabs fusion-tabs-1 classic vertical-tabs icon-position-left\"><style type=\"text\/css\">.fusion-tabs.fusion-tabs-1 .nav-tabs li a.tab-link{border-top-color:#ebeaea;background-color:#ebeaea;}.fusion-tabs.fusion-tabs-1 .nav-tabs{background-color:#ffffff;}.fusion-tabs.fusion-tabs-1 .nav-tabs li.active a.tab-link,.fusion-tabs.fusion-tabs-1 .nav-tabs li.active a.tab-link:hover,.fusion-tabs.fusion-tabs-1 .nav-tabs li.active a.tab-link:focus{border-right-color:#ffffff;}.fusion-tabs.fusion-tabs-1 .nav-tabs li.active a.tab-link,.fusion-tabs.fusion-tabs-1 .nav-tabs li.active a.tab-link:hover,.fusion-tabs.fusion-tabs-1 .nav-tabs li.active a.tab-link:focus{background-color:#ffffff;}.fusion-tabs.fusion-tabs-1 .nav-tabs li a:hover{background-color:#ffffff;border-top-color:#ffffff;}.fusion-tabs.fusion-tabs-1 .tab-pane{background-color:#ffffff;}.fusion-tabs.fusion-tabs-1 .nav,.fusion-tabs.fusion-tabs-1 .nav-tabs,.fusion-tabs.fusion-tabs-1 .tab-content .tab-pane{border-color:#ebeaea;}<\/style><div class=\"nav\"><ul class=\"nav-tabs\" role=\"tablist\"><li class=\"active\" role=\"presentation\"><a class=\"tab-link\" data-toggle=\"tab\" role=\"tab\" aria-controls=\"tab-6a6d05129fd95824202\" aria-selected=\"true\" id=\"fusion-tab-1:forschungsstand\" href=\"#tab-6a6d05129fd95824202\"><h4 class=\"fusion-tab-heading\"><i class=\"fontawesome-icon fa fa-leanpub\" aria-hidden=\"true\" style=\"font-size:17px;\"><\/i>1: Forschungsstand<\/h4><\/a><\/li><li role=\"presentation\"><a class=\"tab-link\" data-toggle=\"tab\" role=\"tab\" aria-controls=\"tab-97af437365717eea868\" aria-selected=\"false\" tabindex=\"-1\" id=\"fusion-tab-2:kartederarmut\" href=\"#tab-97af437365717eea868\"><h4 class=\"fusion-tab-heading\"><i class=\"fontawesome-icon fa fa-map-o\" aria-hidden=\"true\" style=\"font-size:17px;\"><\/i>2: Karte der Armut<\/h4><\/a><\/li><li role=\"presentation\"><a class=\"tab-link\" data-toggle=\"tab\" role=\"tab\" aria-controls=\"tab-2304b1e7cf9172862f0\" aria-selected=\"false\" tabindex=\"-1\" id=\"fusion-tab-3:mobilit\u00e4ts-tageb\u00fccher\" href=\"#tab-2304b1e7cf9172862f0\"><h4 class=\"fusion-tab-heading\"><i class=\"fontawesome-icon fa fa-street-view\" aria-hidden=\"true\" style=\"font-size:17px;\"><\/i>3: Mobilit\u00e4ts-Tageb\u00fccher<\/h4><\/a><\/li><li role=\"presentation\"><a class=\"tab-link\" data-toggle=\"tab\" role=\"tab\" aria-controls=\"tab-1e41fd9031d5f4bf17c\" aria-selected=\"false\" tabindex=\"-1\" id=\"fusion-tab-4.repertorygrid\" href=\"#tab-1e41fd9031d5f4bf17c\"><h4 class=\"fusion-tab-heading\"><i class=\"fontawesome-icon fa fa-sort-amount-desc\" aria-hidden=\"true\" style=\"font-size:17px;\"><\/i>4. Repertory Grid<\/h4><\/a><\/li><li role=\"presentation\"><a class=\"tab-link\" data-toggle=\"tab\" role=\"tab\" aria-controls=\"tab-3a0922984dd49c8887f\" aria-selected=\"false\" tabindex=\"-1\" id=\"fusion-tab-5:fokusgruppe\" href=\"#tab-3a0922984dd49c8887f\"><h4 class=\"fusion-tab-heading\"><i class=\"fontawesome-icon fa fa-users\" aria-hidden=\"true\" style=\"font-size:17px;\"><\/i>5: Fokusgruppe<\/h4><\/a><\/li><li role=\"presentation\"><a class=\"tab-link\" data-toggle=\"tab\" role=\"tab\" aria-controls=\"tab-633e992419d4e059091\" aria-selected=\"false\" tabindex=\"-1\" id=\"fusion-tab-6:empfehlungen\" href=\"#tab-633e992419d4e059091\"><h4 class=\"fusion-tab-heading\"><i class=\"fontawesome-icon fa fa-hand-o-right\" aria-hidden=\"true\" style=\"font-size:17px;\"><\/i>6: Empfehlungen<\/h4><\/a><\/li><li role=\"presentation\"><a class=\"tab-link\" data-toggle=\"tab\" role=\"tab\" aria-controls=\"tab-779c0167d7f2bbdacaa\" aria-selected=\"false\" tabindex=\"-1\" id=\"fusion-tab-7:theorie\" href=\"#tab-779c0167d7f2bbdacaa\"><h4 class=\"fusion-tab-heading\"><i class=\"fontawesome-icon fa fa-lightbulb-o\" aria-hidden=\"true\" style=\"font-size:17px;\"><\/i>7: Theorie<\/h4><\/a><\/li><li role=\"presentation\"><a class=\"tab-link\" data-toggle=\"tab\" role=\"tab\" aria-controls=\"tab-5dc156a94b486017a9e\" aria-selected=\"false\" tabindex=\"-1\" id=\"fusion-tab-8:wissenstransfer&amp;summerschool\" href=\"#tab-5dc156a94b486017a9e\"><h4 class=\"fusion-tab-heading\"><i class=\"fontawesome-icon fa fa-map-signs\" aria-hidden=\"true\" style=\"font-size:17px;\"><\/i>8: Wissenstransfer &amp; Summer School<\/h4><\/a><\/li><\/ul><\/div><div class=\"tab-content\"><div class=\"nav fusion-mobile-tab-nav\"><ul class=\"nav-tabs\" role=\"tablist\"><li class=\"active\" role=\"presentation\"><a class=\"tab-link\" data-toggle=\"tab\" role=\"tab\" aria-controls=\"tab-6a6d05129fd95824202\" aria-selected=\"true\" id=\"mobile-fusion-tab-1:forschungsstand\" href=\"#tab-6a6d05129fd95824202\"><h4 class=\"fusion-tab-heading\"><i class=\"fontawesome-icon fa fa-leanpub\" aria-hidden=\"true\" style=\"font-size:17px;\"><\/i>1: Forschungsstand<\/h4><\/a><\/li><\/ul><\/div><div class=\"tab-pane fade fusion-clearfix in active\" role=\"tabpanel\" tabindex=\"0\" aria-labelledby=\"fusion-tab-1:forschungsstand\" id=\"tab-6a6d05129fd95824202\">In der ersten Phase des Forschungsprojektes vertiefen wir uns in die Literatur, die es zum Thema Mobilit\u00e4t und Exklusion gibt. Wir erarbeiten die wesentlichen theoretischen Konzepte und werten die existierenden empirischen Arbeiten, beispielsweise aus dem Vereinigten K\u00f6nigreich, aus.<\/p>\n<p>Am Ende des ersten Arbeitspakets steht eine verst\u00e4ndliche Einf\u00fchrung in das Thema, die wir auf dieser Internetseite ver\u00f6ffentlichen. Um sie zu validieren, befragen wir ausgewiesene Expert_innen in Deutschland und \u00d6sterreich.<\/div><div class=\"nav fusion-mobile-tab-nav\"><ul class=\"nav-tabs\" role=\"tablist\"><li role=\"presentation\"><a class=\"tab-link\" data-toggle=\"tab\" role=\"tab\" aria-controls=\"tab-97af437365717eea868\" aria-selected=\"false\" tabindex=\"-1\" id=\"mobile-fusion-tab-2:kartederarmut\" href=\"#tab-97af437365717eea868\"><h4 class=\"fusion-tab-heading\"><i class=\"fontawesome-icon fa fa-map-o\" aria-hidden=\"true\" style=\"font-size:17px;\"><\/i>2: Karte der Armut<\/h4><\/a><\/li><\/ul><\/div><div class=\"tab-pane fade fusion-clearfix\" role=\"tabpanel\" tabindex=\"0\" aria-labelledby=\"fusion-tab-2:kartederarmut\" id=\"tab-97af437365717eea868\">In einer &#8222;Karte der Mobilit\u00e4tsarmut&#8220; f\u00fcr Hamburg und Berlin stellen wir dar, wie die mobilit\u00e4tsbezogene Ausgrenzung in den St\u00e4dten verteilt ist. Dazu stellen wir den Zusammenhang zwischen der r\u00e4umlichen Verteilung unterschiedlicher Bev\u00f6lkerungsgruppen sowie ihren Zugang zu M\u00f6glichkeiten und Verkehrsdienstleistungen dar.<\/p>\n<p>Im Ergebnis zeigt die Karte, welche Stadtteile besonders von Ausgrenzung gef\u00e4hrdet sind und wo es ein Potenzial bzw. einen Handlungsbedarf f\u00fcr stadtplanerische Gegenma\u00dfnahmen gibt.<\/div><div class=\"nav fusion-mobile-tab-nav\"><ul class=\"nav-tabs\" role=\"tablist\"><li role=\"presentation\"><a class=\"tab-link\" data-toggle=\"tab\" role=\"tab\" aria-controls=\"tab-2304b1e7cf9172862f0\" aria-selected=\"false\" tabindex=\"-1\" id=\"mobile-fusion-tab-3:mobilit\u00e4ts-tageb\u00fccher\" href=\"#tab-2304b1e7cf9172862f0\"><h4 class=\"fusion-tab-heading\"><i class=\"fontawesome-icon fa fa-street-view\" aria-hidden=\"true\" style=\"font-size:17px;\"><\/i>3: Mobilit\u00e4ts-Tageb\u00fccher<\/h4><\/a><\/li><\/ul><\/div><div class=\"tab-pane fade fusion-clearfix\" role=\"tabpanel\" tabindex=\"0\" aria-labelledby=\"fusion-tab-3:mobilit\u00e4ts-tageb\u00fccher\" id=\"tab-2304b1e7cf9172862f0\">\n<p>Im Mittelpunkt des dritten Arbeitspakets stehen die betroffenen Menschen. Wir werden 40 Personen in Hamburg und Berlin bitten, \u00fcber eine Woche hinweg ein Tagebuch \u00fcber ihre Wege zu f\u00fchren. Als Teilnehmende werden gezielt Personen ausgew\u00e4hlt, die Arbeitslosengeld II (&#8222;Hartz IV&#8220;) beziehen. Zus\u00e4tzlich zu den Tageb\u00fcchern befragen wir die Teilnehmenden zu ihren Erfahrungen mit der Ausgrenzung und ihren Strategien, die Ausgrenzung zu bew\u00e4ltigen.<\/p>\n<p>Mithilfe einer qualitativen Datenanalyse werten wir die Befragungen aus. Die Ergebnisse bilden die Grundlage f\u00fcr die Repertory Grid-Befragungen in Arbeitspaket 4.<\/p>\n<\/div><div class=\"nav fusion-mobile-tab-nav\"><ul class=\"nav-tabs\" role=\"tablist\"><li role=\"presentation\"><a class=\"tab-link\" data-toggle=\"tab\" role=\"tab\" aria-controls=\"tab-1e41fd9031d5f4bf17c\" aria-selected=\"false\" tabindex=\"-1\" id=\"mobile-fusion-tab-4.repertorygrid\" href=\"#tab-1e41fd9031d5f4bf17c\"><h4 class=\"fusion-tab-heading\"><i class=\"fontawesome-icon fa fa-sort-amount-desc\" aria-hidden=\"true\" style=\"font-size:17px;\"><\/i>4. Repertory Grid<\/h4><\/a><\/li><\/ul><\/div><div class=\"tab-pane fade fusion-clearfix\" role=\"tabpanel\" tabindex=\"0\" aria-labelledby=\"fusion-tab-4.repertorygrid\" id=\"tab-1e41fd9031d5f4bf17c\">\n<p>Um die Konsequenzen der Exklusion zu ergr\u00fcnden, mit denen Betroffene leben, befragen wir 20 Teilnehmende mithilfe der Repertory-Grid-Methode.<\/p>\n<p>Im Vordergrund stehen die f\u00fcr die Befragten denkbaren M\u00f6glichkeitsr\u00e4ume, ihre subjektiven Wahrnehmungen von mobilit\u00e4tsbezogener sozialer Exklusion sowie ihrer Reflexion \u00fcber Bew\u00e4ltigungsroutinen.<\/p>\n<p>Bei den Repertory-Grid-Interviews handelt es sich um eine spezielle Form von qualitativen Interviews, die Wahrnehmungen erheben sollen, die den Befragten nicht bewusst sind. Zum einen sind dies Mobilit\u00e4tsroutinen, also Handlungen, die gewohnt und unbewusst ablaufen. Zum anderen sind es vor allem emotionsorientierte Bew\u00e4ltigungsstrategien bez\u00fcglich der erlebten Exklusion (z.\u00a0B. Aufschieben, Verdr\u00e4ngen, Vermeiden), die zu Gewohnheiten geworden sind.<\/p>\n<\/div><div class=\"nav fusion-mobile-tab-nav\"><ul class=\"nav-tabs\" role=\"tablist\"><li role=\"presentation\"><a class=\"tab-link\" data-toggle=\"tab\" role=\"tab\" aria-controls=\"tab-3a0922984dd49c8887f\" aria-selected=\"false\" tabindex=\"-1\" id=\"mobile-fusion-tab-5:fokusgruppe\" href=\"#tab-3a0922984dd49c8887f\"><h4 class=\"fusion-tab-heading\"><i class=\"fontawesome-icon fa fa-users\" aria-hidden=\"true\" style=\"font-size:17px;\"><\/i>5: Fokusgruppe<\/h4><\/a><\/li><\/ul><\/div><div class=\"tab-pane fade fusion-clearfix\" role=\"tabpanel\" tabindex=\"0\" aria-labelledby=\"fusion-tab-5:fokusgruppe\" id=\"tab-3a0922984dd49c8887f\">\n<p>Die Perspektiven der Teilnehmenden aus den Arbeitspaketen 3 und 4 legen wir Expert_innen vor, um sie aus Perspektive der Wissenschaft und Praxis zu pr\u00fcfen. In einer Fokusgruppe (einer moderierten Gruppendiskussion) sollen die Expert_innen die Ergebnisse in die aktuelle Debatte der Mobilit\u00e4ts- und Exklusionsforschung einordnen.<\/p>\n<p>Auch die Fokusgruppen werden wir in einer qualitativen Inhaltsanalyse auswerten.<\/p>\n<\/div><div class=\"nav fusion-mobile-tab-nav\"><ul class=\"nav-tabs\" role=\"tablist\"><li role=\"presentation\"><a class=\"tab-link\" data-toggle=\"tab\" role=\"tab\" aria-controls=\"tab-633e992419d4e059091\" aria-selected=\"false\" tabindex=\"-1\" id=\"mobile-fusion-tab-6:empfehlungen\" href=\"#tab-633e992419d4e059091\"><h4 class=\"fusion-tab-heading\"><i class=\"fontawesome-icon fa fa-hand-o-right\" aria-hidden=\"true\" style=\"font-size:17px;\"><\/i>6: Empfehlungen<\/h4><\/a><\/li><\/ul><\/div><div class=\"tab-pane fade fusion-clearfix\" role=\"tabpanel\" tabindex=\"0\" aria-labelledby=\"fusion-tab-6:empfehlungen\" id=\"tab-633e992419d4e059091\">\n<p>Aus unseren Ergebnissen der Arbeitspakete 1-5 entwickeln wir Handlungsempfehlungen f\u00fcr Politik und Planungspraxis und \u00fcberpr\u00fcfen sie anhand einer SWOT-Analyse. Das Ziel ist sind strategische Empfehlungen, die von verschiedenen Professionen (Sozialpolitik, Verkehrsplanung, Soziale Arbeit, &#8230;) aufgegriffen werden k\u00f6nnen.<\/p>\n<\/div><div class=\"nav fusion-mobile-tab-nav\"><ul class=\"nav-tabs\" role=\"tablist\"><li role=\"presentation\"><a class=\"tab-link\" data-toggle=\"tab\" role=\"tab\" aria-controls=\"tab-779c0167d7f2bbdacaa\" aria-selected=\"false\" tabindex=\"-1\" id=\"mobile-fusion-tab-7:theorie\" href=\"#tab-779c0167d7f2bbdacaa\"><h4 class=\"fusion-tab-heading\"><i class=\"fontawesome-icon fa fa-lightbulb-o\" aria-hidden=\"true\" style=\"font-size:17px;\"><\/i>7: Theorie<\/h4><\/a><\/li><\/ul><\/div><div class=\"tab-pane fade fusion-clearfix\" role=\"tabpanel\" tabindex=\"0\" aria-labelledby=\"fusion-tab-7:theorie\" id=\"tab-779c0167d7f2bbdacaa\">\n<p>Aufbauend auf den Ergebnissen der Pakete 1-5 reichern wir den wissenschaftlichen Diskurs in Deutschland an. Dazu orientieren wir uns unter anderem an der etablierten Forschung im englischsprachigen Raum. In Verkn\u00fcpfung mit unseren Ergebnissen aus Berlin in Hamburg entwickeln wir eine Theorie zur mobilit\u00e4tsbezogenen Exklusion in Deutschland.<\/p>\n<\/div><div class=\"nav fusion-mobile-tab-nav\"><ul class=\"nav-tabs\" role=\"tablist\"><li role=\"presentation\"><a class=\"tab-link\" data-toggle=\"tab\" role=\"tab\" aria-controls=\"tab-5dc156a94b486017a9e\" aria-selected=\"false\" tabindex=\"-1\" id=\"mobile-fusion-tab-8:wissenstransfer&amp;summerschool\" href=\"#tab-5dc156a94b486017a9e\"><h4 class=\"fusion-tab-heading\"><i class=\"fontawesome-icon fa fa-map-signs\" aria-hidden=\"true\" style=\"font-size:17px;\"><\/i>8: Wissenstransfer &amp; Summer School<\/h4><\/a><\/li><\/ul><\/div><div class=\"tab-pane fade fusion-clearfix\" role=\"tabpanel\" tabindex=\"0\" aria-labelledby=\"fusion-tab-8:wissenstransfer&amp;summerschool\" id=\"tab-5dc156a94b486017a9e\">\n<p>Um unsere Forschungsergebnisse bekannt zu machen, publizieren wir die\u00a0Ergebnisse in den g\u00e4ngigen wissenschaftlichen Magazinen und tragen zu Tagungen und Konferenzen bei. F\u00fcr die Online-Kommunikation nutzen wir unseren <a href=\"https:\/\/mobileinclusion.projects.tu-berlin.de\/mi\/blog\/\">Blog<\/a> und <a href=\"https:\/\/twitter.com\/MobileInclusion\">Twitter<\/a>.<\/p>\n<p>Im Sommer 2020 wird eine Summer School zum Thema Mobilit\u00e4t und soziale Exklusion stattfinden. In Kombination mit einer Fachtagung bildet sie den H\u00f6hepunkt des Projekts MobileInclusion und bringt die f\u00fchrenden Forscher_innen mit Praxisakteur_innen und Studierenden zusammen. Dar\u00fcber hinaus bilden die Ergebnisse die Grundlage f\u00fcr eine Monografie.<\/p>\n<\/div><\/div><\/div><div class=\"fusion-content-boxes content-boxes columns row fusion-columns-1 fusion-columns-total-1 fusion-content-boxes-1 content-boxes-clean-horizontal content-left content-boxes-icon-on-side\" data-animationOffset=\"top-into-view\" style=\"margin-top:0px;margin-bottom:0px;\"><style type=\"text\/css\">.fusion-content-boxes-1 .heading .content-box-heading {color:#178072;}\n\t\t\t\t\t.fusion-content-boxes-1 .fusion-content-box-hover .link-area-link-icon-hover .heading .content-box-heading,\n\t\t\t\t\t.fusion-content-boxes-1 .fusion-content-box-hover .link-area-link-icon-hover .heading .heading-link .content-box-heading,\n\t\t\t\t\t.fusion-content-boxes-1 .fusion-content-box-hover .link-area-box-hover .heading .content-box-heading,\n\t\t\t\t\t.fusion-content-boxes-1 .fusion-content-box-hover .link-area-box-hover .heading .heading-link .content-box-heading,\n\t\t\t\t\t.fusion-content-boxes-1 .fusion-content-box-hover .link-area-link-icon-hover.link-area-box .fusion-read-more,\n\t\t\t\t\t.fusion-content-boxes-1 .fusion-content-box-hover .link-area-link-icon-hover.link-area-box .fusion-read-more::after,\n\t\t\t\t\t.fusion-content-boxes-1 .fusion-content-box-hover .link-area-link-icon-hover.link-area-box .fusion-read-more::before,\n\t\t\t\t\t.fusion-content-boxes-1 .fusion-content-box-hover .fusion-read-more:hover:after,\n\t\t\t\t\t.fusion-content-boxes-1 .fusion-content-box-hover .fusion-read-more:hover:before,\n\t\t\t\t\t.fusion-content-boxes-1 .fusion-content-box-hover .fusion-read-more:hover,\n\t\t\t\t\t.fusion-content-boxes-1 .fusion-content-box-hover .link-area-box-hover.link-area-box .fusion-read-more,\n\t\t\t\t\t.fusion-content-boxes-1 .fusion-content-box-hover .link-area-box-hover.link-area-box .fusion-read-more::after,\n\t\t\t\t\t.fusion-content-boxes-1 .fusion-content-box-hover .link-area-box-hover.link-area-box .fusion-read-more::before,\n\t\t\t\t\t.fusion-content-boxes-1 .fusion-content-box-hover .link-area-link-icon-hover .icon .circle-no,\n\t\t\t\t\t.fusion-content-boxes-1 .heading .heading-link:hover .content-box-heading {\n\t\t\t\t\t\tcolor: #178072;\n\t\t\t\t\t}\n\t\t\t\t\t.fusion-content-boxes-1 .fusion-content-box-hover .link-area-box-hover .icon .circle-no {\n\t\t\t\t\t\tcolor: #178072 !important;\n\t\t\t\t\t}.fusion-content-boxes-1 .fusion-content-box-hover .link-area-box.link-area-box-hover .fusion-content-box-button {background: rgba(51,204,204,0.5);color: #178072;}.fusion-content-boxes-1 .fusion-content-box-hover .link-area-box.link-area-box-hover .fusion-content-box-button .fusion-button-text {color: #178072;}\n\t\t\t\t\t.fusion-content-boxes-1 .fusion-content-box-hover .link-area-link-icon-hover .heading .icon > span {\n\t\t\t\t\t\tbackground-color: #178072 !important;\n\t\t\t\t\t}\n\t\t\t\t\t.fusion-content-boxes-1 .fusion-content-box-hover .link-area-box-hover .heading .icon > span {\n\t\t\t\t\t\tborder-color: #178072 !important;\n\t\t\t\t\t}<\/style><div style=\"border-color:rgba(255,255,255,0);\" class=\"fusion-column content-box-column content-box-column content-box-column-1 col-lg-12 col-md-12 col-sm-12 fusion-content-box-hover content-box-column-last content-box-column-last-in-row\"><div class=\"col content-box-wrapper content-wrapper-background link-area-link-icon link-type-text icon-hover-animation-fade\" style=\"background-color:#ebeaea;\"><div class=\"heading heading-with-icon icon-left\"><a class=\"heading-link\" href=\"https:\/\/mobileinclusion.projects.tu-berlin.de\/mi\/wp-content\/uploads\/2018\/02\/MobileInclusion-Forschungsleitfaden.pdf\" target=\"_blank\" rel=\"noopener noreferrer\"><div aria-hidden=\"true\" class=\"image\"><img decoding=\"async\" src=\"https:\/\/mobileinclusion.projects.tu-berlin.de\/mi\/wp-content\/uploads\/2018\/02\/Icon_PDF.png\" width=\"35\" height=\"47.76\" alt=\"\" \/><\/div><h2 class=\"content-box-heading fusion-responsive-typography-calculated\" style=\"font-size:18px;--fontSize:18;line-height:1.5;padding-left:55px;\">Lesen Sie mehr \u00fcber die Methodik in unserem Forschungsleitfaden<\/h2><\/a><\/div><div class=\"fusion-clearfix\"><\/div><div class=\"content-container\" style=\"padding-left:55px;color:#000000;\">PDF, 4 Seiten (420 KB)<\/div><\/div><\/div><style type=\"text\/css\">\n\t\t\t\t\t\t.fusion-content-boxes-1 .fusion-content-box-hover .heading-link:hover .icon i.circle-yes,\n\t\t\t\t\t\t.fusion-content-boxes-1 .fusion-content-box-hover .link-area-box:hover .heading-link .icon i.circle-yes,\n\t\t\t\t\t\t.fusion-content-boxes-1 .fusion-content-box-hover .link-area-link-icon-hover .heading .icon i.circle-yes,\n\t\t\t\t\t\t.fusion-content-boxes-1 .fusion-content-box-hover .link-area-box-hover .heading .icon i.circle-yes {\n\t\t\t\t\t\t\tbackground-color: #178072 !important;\n\t\t\t\t\t\t\tborder-color: #178072 !important;\n\t\t\t\t\t\t}<\/style><div class=\"fusion-clearfix\"><\/div><\/div><div class=\"fusion-clearfix\"><\/div><\/div><\/div><\/div><\/div>\n","protected":false},"excerpt":{"rendered":"","protected":false},"author":2,"featured_media":0,"parent":0,"menu_order":0,"comment_status":"closed","ping_status":"closed","template":"","meta":{"footnotes":""},"class_list":["post-88","page","type-page","status-publish","hentry"],"yoast_head":"<!-- This site is optimized with the Yoast SEO plugin v27.4 - https:\/\/yoast.com\/product\/yoast-seo-wordpress\/ -->\n<title>Forschungsplan - MobileInclusion<\/title>\n<meta name=\"robots\" content=\"index, follow, max-snippet:-1, max-image-preview:large, max-video-preview:-1\" \/>\n<link rel=\"canonical\" href=\"https:\/\/mobileinclusion.projects.tu-berlin.de\/mi\/forschungsplan\/\" \/>\n<meta property=\"og:locale\" content=\"de_DE\" \/>\n<meta property=\"og:type\" content=\"article\" \/>\n<meta property=\"og:title\" content=\"Forschungsplan - MobileInclusion\" \/>\n<meta property=\"og:url\" content=\"https:\/\/mobileinclusion.projects.tu-berlin.de\/mi\/forschungsplan\/\" \/>\n<meta property=\"og:site_name\" content=\"MobileInclusion\" \/>\n<meta property=\"article:modified_time\" content=\"2018-09-21T14:07:42+00:00\" \/>\n<meta name=\"twitter:card\" content=\"summary_large_image\" \/>\n<meta name=\"twitter:site\" content=\"@mobileinclusion\" \/>\n<meta name=\"twitter:label1\" content=\"Gesch\u00e4tzte Lesezeit\" \/>\n\t<meta name=\"twitter:data1\" content=\"7\u00a0Minuten\" \/>\n<script type=\"application\/ld+json\" class=\"yoast-schema-graph\">{\"@context\":\"https:\\\/\\\/schema.org\",\"@graph\":[{\"@type\":\"WebPage\",\"@id\":\"https:\\\/\\\/mobileinclusion.projects.tu-berlin.de\\\/mi\\\/forschungsplan\\\/\",\"url\":\"https:\\\/\\\/mobileinclusion.projects.tu-berlin.de\\\/mi\\\/forschungsplan\\\/\",\"name\":\"Forschungsplan - MobileInclusion\",\"isPartOf\":{\"@id\":\"https:\\\/\\\/mobileinclusion.projects.tu-berlin.de\\\/mi\\\/#website\"},\"datePublished\":\"2018-02-07T13:45:59+00:00\",\"dateModified\":\"2018-09-21T14:07:42+00:00\",\"breadcrumb\":{\"@id\":\"https:\\\/\\\/mobileinclusion.projects.tu-berlin.de\\\/mi\\\/forschungsplan\\\/#breadcrumb\"},\"inLanguage\":\"de\",\"potentialAction\":[{\"@type\":\"ReadAction\",\"target\":[\"https:\\\/\\\/mobileinclusion.projects.tu-berlin.de\\\/mi\\\/forschungsplan\\\/\"]}]},{\"@type\":\"BreadcrumbList\",\"@id\":\"https:\\\/\\\/mobileinclusion.projects.tu-berlin.de\\\/mi\\\/forschungsplan\\\/#breadcrumb\",\"itemListElement\":[{\"@type\":\"ListItem\",\"position\":1,\"name\":\"Home\",\"item\":\"https:\\\/\\\/mobileinclusion.projects.tu-berlin.de\\\/mi\\\/\"},{\"@type\":\"ListItem\",\"position\":2,\"name\":\"Forschungsplan\"}]},{\"@type\":\"WebSite\",\"@id\":\"https:\\\/\\\/mobileinclusion.projects.tu-berlin.de\\\/mi\\\/#website\",\"url\":\"https:\\\/\\\/mobileinclusion.projects.tu-berlin.de\\\/mi\\\/\",\"name\":\"MobileInclusion\",\"description\":\"Forschung zu Mobilit\u00e4t und Sozialer Ausgrenzung\",\"potentialAction\":[{\"@type\":\"SearchAction\",\"target\":{\"@type\":\"EntryPoint\",\"urlTemplate\":\"https:\\\/\\\/mobileinclusion.projects.tu-berlin.de\\\/mi\\\/?s={search_term_string}\"},\"query-input\":{\"@type\":\"PropertyValueSpecification\",\"valueRequired\":true,\"valueName\":\"search_term_string\"}}],\"inLanguage\":\"de\"}]}<\/script>\n<!-- \/ Yoast SEO plugin. -->","yoast_head_json":{"title":"Forschungsplan - MobileInclusion","robots":{"index":"index","follow":"follow","max-snippet":"max-snippet:-1","max-image-preview":"max-image-preview:large","max-video-preview":"max-video-preview:-1"},"canonical":"https:\/\/mobileinclusion.projects.tu-berlin.de\/mi\/forschungsplan\/","og_locale":"de_DE","og_type":"article","og_title":"Forschungsplan - MobileInclusion","og_url":"https:\/\/mobileinclusion.projects.tu-berlin.de\/mi\/forschungsplan\/","og_site_name":"MobileInclusion","article_modified_time":"2018-09-21T14:07:42+00:00","twitter_card":"summary_large_image","twitter_site":"@mobileinclusion","twitter_misc":{"Gesch\u00e4tzte Lesezeit":"7\u00a0Minuten"},"schema":{"@context":"https:\/\/schema.org","@graph":[{"@type":"WebPage","@id":"https:\/\/mobileinclusion.projects.tu-berlin.de\/mi\/forschungsplan\/","url":"https:\/\/mobileinclusion.projects.tu-berlin.de\/mi\/forschungsplan\/","name":"Forschungsplan - MobileInclusion","isPartOf":{"@id":"https:\/\/mobileinclusion.projects.tu-berlin.de\/mi\/#website"},"datePublished":"2018-02-07T13:45:59+00:00","dateModified":"2018-09-21T14:07:42+00:00","breadcrumb":{"@id":"https:\/\/mobileinclusion.projects.tu-berlin.de\/mi\/forschungsplan\/#breadcrumb"},"inLanguage":"de","potentialAction":[{"@type":"ReadAction","target":["https:\/\/mobileinclusion.projects.tu-berlin.de\/mi\/forschungsplan\/"]}]},{"@type":"BreadcrumbList","@id":"https:\/\/mobileinclusion.projects.tu-berlin.de\/mi\/forschungsplan\/#breadcrumb","itemListElement":[{"@type":"ListItem","position":1,"name":"Home","item":"https:\/\/mobileinclusion.projects.tu-berlin.de\/mi\/"},{"@type":"ListItem","position":2,"name":"Forschungsplan"}]},{"@type":"WebSite","@id":"https:\/\/mobileinclusion.projects.tu-berlin.de\/mi\/#website","url":"https:\/\/mobileinclusion.projects.tu-berlin.de\/mi\/","name":"MobileInclusion","description":"Forschung zu Mobilit\u00e4t und Sozialer Ausgrenzung","potentialAction":[{"@type":"SearchAction","target":{"@type":"EntryPoint","urlTemplate":"https:\/\/mobileinclusion.projects.tu-berlin.de\/mi\/?s={search_term_string}"},"query-input":{"@type":"PropertyValueSpecification","valueRequired":true,"valueName":"search_term_string"}}],"inLanguage":"de"}]}},"_links":{"self":[{"href":"https:\/\/mobileinclusion.projects.tu-berlin.de\/mi\/wp-json\/wp\/v2\/pages\/88","targetHints":{"allow":["GET"]}}],"collection":[{"href":"https:\/\/mobileinclusion.projects.tu-berlin.de\/mi\/wp-json\/wp\/v2\/pages"}],"about":[{"href":"https:\/\/mobileinclusion.projects.tu-berlin.de\/mi\/wp-json\/wp\/v2\/types\/page"}],"author":[{"embeddable":true,"href":"https:\/\/mobileinclusion.projects.tu-berlin.de\/mi\/wp-json\/wp\/v2\/users\/2"}],"replies":[{"embeddable":true,"href":"https:\/\/mobileinclusion.projects.tu-berlin.de\/mi\/wp-json\/wp\/v2\/comments?post=88"}],"version-history":[{"count":29,"href":"https:\/\/mobileinclusion.projects.tu-berlin.de\/mi\/wp-json\/wp\/v2\/pages\/88\/revisions"}],"predecessor-version":[{"id":1984,"href":"https:\/\/mobileinclusion.projects.tu-berlin.de\/mi\/wp-json\/wp\/v2\/pages\/88\/revisions\/1984"}],"wp:attachment":[{"href":"https:\/\/mobileinclusion.projects.tu-berlin.de\/mi\/wp-json\/wp\/v2\/media?parent=88"}],"curies":[{"name":"wp","href":"https:\/\/api.w.org\/{rel}","templated":true}]}}